{"id":3616,"date":"2021-11-01T01:29:00","date_gmt":"2021-11-01T01:29:00","guid":{"rendered":"https:\/\/sgl-online.ch\/portfolio-items\/ethik-religionen-gemeinschaft-nmg\/"},"modified":"2025-08-07T08:23:01","modified_gmt":"2025-08-07T08:23:01","slug":"ethik-religionen-gemeinschaft-nmg","status":"publish","type":"avada_portfolio","link":"https:\/\/sgl-online.ch\/fr\/portfolio-items\/ethik-religionen-gemeinschaft-nmg\/","title":{"rendered":"Ethique, Religions, Communaut\u00e9"},"content":{"rendered":"<div class=\"fusion-fullwidth fullwidth-box fusion-builder-row-1 fusion-flex-container nonhundred-percent-fullwidth non-hundred-percent-height-scrolling\" style=\"--link_color: #111a58;--awb-border-radius-top-left:0px;--awb-border-radius-top-right:0px;--awb-border-radius-bottom-right:0px;--awb-border-radius-bottom-left:0px;--awb-padding-top:250px;--awb-padding-bottom:6%;--awb-flex-wrap:wrap;\" ><div class=\"fusion-builder-row fusion-row fusion-flex-align-items-flex-start fusion-flex-content-wrap\" style=\"max-width:1248px;margin-left: calc(-4% \/ 2 );margin-right: calc(-4% \/ 2 );\"><div class=\"fusion-layout-column fusion_builder_column fusion-builder-column-0 fusion_builder_column_1_1 1_1 fusion-flex-column fusion-animated\" style=\"--awb-bg-size:cover;--awb-width-large:100%;--awb-margin-top-large:0px;--awb-spacing-right-large:1.92%;--awb-margin-bottom-large:20px;--awb-spacing-left-large:1.92%;--awb-width-medium:100%;--awb-order-medium:0;--awb-spacing-right-medium:1.92%;--awb-spacing-left-medium:1.92%;--awb-width-small:100%;--awb-order-small:0;--awb-spacing-right-small:1.92%;--awb-spacing-left-small:1.92%;\" data-animationType=\"fadeInUp\" data-animationDuration=\"1.0\" data-animationOffset=\"top-into-view\"><div class=\"fusion-column-wrapper fusion-column-has-shadow fusion-flex-justify-content-flex-start fusion-content-layout-column\"><div class=\"fusion-tabs fusion-tabs-1 clean vertical-tabs icon-position-left mobile-mode-accordion\" style=\"--awb-title-border-radius-top-left:0px;--awb-title-border-radius-top-right:0px;--awb-title-border-radius-bottom-right:0px;--awb-title-border-radius-bottom-left:0px;--awb-alignment:start;--awb-inactive-color:#f9f9fb;--awb-background-color:#ffffff;--awb-border-color:#e2e2e2;--awb-active-border-color:#111a58;\"><div class=\"nav\"><ul class=\"nav-tabs\" role=\"tablist\"><li class=\"active\" role=\"presentation\"><a class=\"tab-link\" data-toggle=\"tab\" role=\"tab\" aria-controls=\"tab-b02d2b498015635ef09\" aria-selected=\"true\" id=\"fusion-tab-home\" href=\"#tab-b02d2b498015635ef09\"><h4 class=\"fusion-tab-heading\">Home<\/h4><\/a><\/li><li role=\"presentation\"><a class=\"tab-link\" data-toggle=\"tab\" role=\"tab\" aria-controls=\"tab-9d6abd97696b11f4239\" aria-selected=\"false\" tabindex=\"-1\" id=\"fusion-tab-association\" href=\"#tab-9d6abd97696b11f4239\"><h4 class=\"fusion-tab-heading\">Association<\/h4><\/a><\/li><li role=\"presentation\"><a class=\"tab-link\" data-toggle=\"tab\" role=\"tab\" aria-controls=\"tab-8244e3b714f1366cb72\" aria-selected=\"false\" tabindex=\"-1\" id=\"fusion-tab-conseild&#039;administration\" href=\"#tab-8244e3b714f1366cb72\"><h4 class=\"fusion-tab-heading\">Conseil d'administration<\/h4><\/a><\/li><li role=\"presentation\"><a class=\"tab-link\" data-toggle=\"tab\" role=\"tab\" aria-controls=\"tab-84551cd407ab928a3ca\" aria-selected=\"false\" tabindex=\"-1\" id=\"fusion-tab-agenda\" href=\"#tab-84551cd407ab928a3ca\"><h4 class=\"fusion-tab-heading\">Agenda<\/h4><\/a><\/li><li role=\"presentation\"><a class=\"tab-link\" data-toggle=\"tab\" role=\"tab\" aria-controls=\"tab-2cb443304e8f0f7ad86\" aria-selected=\"false\" tabindex=\"-1\" id=\"fusion-tab-r\u00e9seaud&#039;institutions\" href=\"#tab-2cb443304e8f0f7ad86\"><h4 class=\"fusion-tab-heading\">R\u00e9seau d'institutions<\/h4><\/a><\/li><li role=\"presentation\"><a class=\"tab-link\" data-toggle=\"tab\" role=\"tab\" aria-controls=\"tab-0986013d897c6f8a996\" aria-selected=\"false\" tabindex=\"-1\" id=\"fusion-tab-publications\" href=\"#tab-0986013d897c6f8a996\"><h4 class=\"fusion-tab-heading\">Publications<\/h4><\/a><\/li><li role=\"presentation\"><a class=\"tab-link\" data-toggle=\"tab\" role=\"tab\" aria-controls=\"tab-3443ae5cb2343c2dc23\" aria-selected=\"false\" tabindex=\"-1\" id=\"fusion-tab-impressum\" href=\"#tab-3443ae5cb2343c2dc23\"><h4 class=\"fusion-tab-heading\">Impressum<\/h4><\/a><\/li><\/ul><\/div><div class=\"tab-content\"><div class=\"nav fusion-mobile-tab-nav\"><ul class=\"nav-tabs\" role=\"tablist\"><li class=\"active\" role=\"presentation\"><a class=\"tab-link\" data-toggle=\"tab\" role=\"tab\" aria-controls=\"tab-b02d2b498015635ef09\" aria-selected=\"true\" id=\"mobile-fusion-tab-home\" href=\"#tab-b02d2b498015635ef09\"><h4 class=\"fusion-tab-heading\">Home<\/h4><\/a><\/li><\/ul><\/div><div class=\"tab-pane fade fusion-clearfix in active\" role=\"tabpanel\" tabindex=\"0\" aria-labelledby=\"fusion-tab-home\" id=\"tab-b02d2b498015635ef09\"><img loading=\"lazy\" decoding=\"async\" class=\"alignnone size-full wp-image-3327\" src=\"https:\/\/sgl-online.ch\/wp-content\/uploads\/2021\/10\/new.jpg\" alt=\"\" width=\"1379\" height=\"919\" srcset=\"https:\/\/sgl-online.ch\/wp-content\/uploads\/2021\/10\/new-200x133.jpg 200w, https:\/\/sgl-online.ch\/wp-content\/uploads\/2021\/10\/new-300x200.jpg 300w, https:\/\/sgl-online.ch\/wp-content\/uploads\/2021\/10\/new-400x267.jpg 400w, https:\/\/sgl-online.ch\/wp-content\/uploads\/2021\/10\/new-600x400.jpg 600w, https:\/\/sgl-online.ch\/wp-content\/uploads\/2021\/10\/new-768x512.jpg 768w, https:\/\/sgl-online.ch\/wp-content\/uploads\/2021\/10\/new-800x533.jpg 800w, https:\/\/sgl-online.ch\/wp-content\/uploads\/2021\/10\/new-1024x682.jpg 1024w, https:\/\/sgl-online.ch\/wp-content\/uploads\/2021\/10\/new-1200x800.jpg 1200w, https:\/\/sgl-online.ch\/wp-content\/uploads\/2021\/10\/new.jpg 1379w\" sizes=\"auto, (max-width: 1379px) 100vw, 1379px\" \/><\/div><div class=\"nav fusion-mobile-tab-nav\"><ul class=\"nav-tabs\" role=\"tablist\"><li role=\"presentation\"><a class=\"tab-link\" data-toggle=\"tab\" role=\"tab\" aria-controls=\"tab-9d6abd97696b11f4239\" aria-selected=\"false\" tabindex=\"-1\" id=\"mobile-fusion-tab-association\" href=\"#tab-9d6abd97696b11f4239\"><h4 class=\"fusion-tab-heading\">Association<\/h4><\/a><\/li><\/ul><\/div><div class=\"tab-pane fade fusion-clearfix\" role=\"tabpanel\" tabindex=\"0\" aria-labelledby=\"fusion-tab-association\" id=\"tab-9d6abd97696b11f4239\">\n<h5><strong>R\u00e8glements<\/strong><\/h5>\n<p><a href=\"https:\/\/sgl-online.ch\/wp-content\/uploads\/2021\/05\/Statuten_Fachdidaktikforum_ERG.pdf\">Statuten_Fachdidaktikforum_ERG<\/a><\/p>\n<p><a href=\"https:\/\/sgl-online.ch\/wp-content\/uploads\/2021\/05\/Statuts_forum_didactique_ERC.pdf\">Statuts_forum_didactique_ERC<\/a><\/p>\n<h5><strong>Rapports annuels du Forum de didactique disciplinaire \u00c9thique, religions, communaut\u00e9<\/strong><\/h5>\n<p><a href=\"https:\/\/sgl-online.ch\/wp-content\/uploads\/2021\/05\/ERG-SGL_Jahresbericht-2024.pdf\">ERG-SGL_Jahresbericht-2024<\/a><\/p>\n<p><a href=\"https:\/\/sgl-online.ch\/wp-content\/uploads\/2021\/05\/ERG-SGL_Jahresbericht-2023.pdf\">ERG-SGL_Jahresbericht-2023<\/a><\/p>\n<p><a href=\"https:\/\/sgl-online.ch\/wp-content\/uploads\/2021\/05\/ERG-SGL_Jahresbericht-2022.pdf\">ERG-SGL_Jahresbericht-2022<\/a><\/p>\n<p><a href=\"https:\/\/sgl-online.ch\/wp-content\/uploads\/2021\/05\/Fachdidaktikforum-ERG-Jahresbericht-SGL-2022-.pdf\">ERK-SGL_Jahresbericht-JV-19-20<\/a><\/p>\n<p><a href=\"https:\/\/sgl-online.ch\/wp-content\/uploads\/2021\/05\/ERK-SGL_Jahresbericht-JV-18-19.pdf\">ERK-SGL_Jahresbericht-JV-18-19<\/a><\/p>\n<p><a href=\"https:\/\/sgl-online.ch\/wp-content\/uploads\/2021\/05\/ERK-SGL_Jahresbericht-GV-17-18.pdf\">ERK-SGL_Jahresbericht-GV-17-18<\/a><\/p>\n<p><a href=\"https:\/\/sgl-online.ch\/wp-content\/uploads\/2021\/05\/ERK-SGL_Jahresbericht-GV-16-17.pdf\">ERK-SGL_Jahresbericht-GV-16-17<\/a><\/p>\n<p><a href=\"https:\/\/sgl-online.ch\/wp-content\/uploads\/2021\/05\/ERK-SGL_Jahresbericht-GV-15-16.pdf\">ERK-SGL_Jahresbericht-GV-15-16<\/a><\/p>\n<p><a href=\"https:\/\/sgl-online.ch\/wp-content\/uploads\/2021\/05\/ERK-SGL_Bericht_2014.pdf\">ERK-SGL_Bericht_2014<\/a><\/p>\n<p><a href=\"https:\/\/sgl-online.ch\/wp-content\/uploads\/2021\/05\/ERK-SGL_Bericht_2013.pdf\">ERK-SGL_Bericht_2013<\/a><\/p>\n<p><a href=\"https:\/\/sgl-online.ch\/wp-content\/uploads\/2021\/05\/ERK-SGL_Bericht_2011.pdf\">ERK-SGL_Bericht_2011<\/a><\/p>\n<p><a href=\"https:\/\/sgl-online.ch\/wp-content\/uploads\/2021\/05\/ERK-SGL_Bericht_2010.pdf\">ERK-SGL_Bericht_2010<\/a><\/p>\n<p><a href=\"https:\/\/sgl-online.ch\/wp-content\/uploads\/2021\/05\/ERK-SGL_Bericht_2009.pdf\">ERK-SGL_Bericht_2009<\/a><\/p>\n<p><a href=\"https:\/\/sgl-online.ch\/wp-content\/uploads\/2021\/05\/ERK-SGL_Bericht_2008.pdf\">ERK-SGL_Bericht_2008<\/a><\/p>\n<p><a href=\"https:\/\/sgl-online.ch\/wp-content\/uploads\/2021\/05\/ERK-SGL_Bericht_2007.pdf\">ERK-SGL_Bericht_2007<\/a><\/p>\n<p><a href=\"https:\/\/sgl-online.ch\/wp-content\/uploads\/2021\/05\/ERK-SGL_Bericht_2006.pdf\">ERK-SGL_Bericht_2006<\/a><\/p>\n<\/div><div class=\"nav fusion-mobile-tab-nav\"><ul class=\"nav-tabs\" role=\"tablist\"><li role=\"presentation\"><a class=\"tab-link\" data-toggle=\"tab\" role=\"tab\" aria-controls=\"tab-8244e3b714f1366cb72\" aria-selected=\"false\" tabindex=\"-1\" id=\"mobile-fusion-tab-conseild&#039;administration\" href=\"#tab-8244e3b714f1366cb72\"><h4 class=\"fusion-tab-heading\">Conseil d'administration<\/h4><\/a><\/li><\/ul><\/div><div class=\"tab-pane fade fusion-clearfix\" role=\"tabpanel\" tabindex=\"0\" aria-labelledby=\"fusion-tab-conseild&#039;administration\" id=\"tab-8244e3b714f1366cb72\">\n<p><img loading=\"lazy\" decoding=\"async\" class=\"alignnone size-medium wp-image-6747\" src=\"https:\/\/sgl-online.ch\/wp-content\/uploads\/2021\/05\/Mirjam-Schallberger_2022-244x300.jpg\" alt=\"\" width=\"244\" height=\"300\" srcset=\"https:\/\/sgl-online.ch\/wp-content\/uploads\/2021\/05\/Mirjam-Schallberger_2022-200x246.jpg 200w, https:\/\/sgl-online.ch\/wp-content\/uploads\/2021\/05\/Mirjam-Schallberger_2022-244x300.jpg 244w, https:\/\/sgl-online.ch\/wp-content\/uploads\/2021\/05\/Mirjam-Schallberger_2022-400x492.jpg 400w, https:\/\/sgl-online.ch\/wp-content\/uploads\/2021\/05\/Mirjam-Schallberger_2022-600x738.jpg 600w, https:\/\/sgl-online.ch\/wp-content\/uploads\/2021\/05\/Mirjam-Schallberger_2022-768x945.jpg 768w, https:\/\/sgl-online.ch\/wp-content\/uploads\/2021\/05\/Mirjam-Schallberger_2022-800x984.jpg 800w, https:\/\/sgl-online.ch\/wp-content\/uploads\/2021\/05\/Mirjam-Schallberger_2022-832x1024.jpg 832w, https:\/\/sgl-online.ch\/wp-content\/uploads\/2021\/05\/Mirjam-Schallberger_2022-scaled.jpg 878w, https:\/\/sgl-online.ch\/wp-content\/uploads\/2021\/05\/Mirjam-Schallberger_2022-1200x1476.jpg 1200w\" sizes=\"auto, (max-width: 244px) 100vw, 244px\" \/><\/p>\n<h4 class=\"mb-xxs-2\">Mirjam Schallberger &#8211; Co-pr\u00e9sidente<\/h4>\n<div class=\"text\">\n<p>Primarlehrerin und BA Religionswissenschaft<br \/>\nSchnittstellen-MA am Zentrum f\u00fcr Religion, Wirtschaft und Politik (ZRWP)<br \/>\nDozentin f\u00fcr ERG Sek 1 an der P\u00e4dagogischen Hochschule Luzern<\/p>\n<p><a href=\"https:\/\/www.phlu.ch\/mirjam-schallberger.html\">https:\/\/www.phlu.ch\/mirjam-schallberger.html<\/a><\/p>\n<\/div>\n<p><img loading=\"lazy\" decoding=\"async\" class=\"size-medium wp-image-9948\" src=\"https:\/\/sgl-online.ch\/wp-content\/uploads\/2021\/05\/Robin-Schmidt_002-gkl-1-235x300.jpg\" alt=\"\" width=\"235\" height=\"300\" srcset=\"https:\/\/sgl-online.ch\/wp-content\/uploads\/2021\/05\/Robin-Schmidt_002-gkl-1-200x255.jpg 200w, https:\/\/sgl-online.ch\/wp-content\/uploads\/2021\/05\/Robin-Schmidt_002-gkl-1-235x300.jpg 235w, https:\/\/sgl-online.ch\/wp-content\/uploads\/2021\/05\/Robin-Schmidt_002-gkl-1-400x510.jpg 400w, https:\/\/sgl-online.ch\/wp-content\/uploads\/2021\/05\/Robin-Schmidt_002-gkl-1-600x765.jpg 600w, https:\/\/sgl-online.ch\/wp-content\/uploads\/2021\/05\/Robin-Schmidt_002-gkl-1-768x979.jpg 768w, https:\/\/sgl-online.ch\/wp-content\/uploads\/2021\/05\/Robin-Schmidt_002-gkl-1-800x1020.jpg 800w, https:\/\/sgl-online.ch\/wp-content\/uploads\/2021\/05\/Robin-Schmidt_002-gkl-1-803x1024.jpg 803w, https:\/\/sgl-online.ch\/wp-content\/uploads\/2021\/05\/Robin-Schmidt_002-gkl-1-scaled.jpg 847w, https:\/\/sgl-online.ch\/wp-content\/uploads\/2021\/05\/Robin-Schmidt_002-gkl-1-1200x1530.jpg 1200w\" sizes=\"auto, (max-width: 235px) 100vw, 235px\" \/><\/p>\n<h4 class=\"mb-xxs-2\">Dr. Robin Schmidt &#8211; Co-pr\u00e9sident<\/h4>\n<div class=\"text\">\n<p>Philosoph, Erwachsenenbildner, Promotion in Erziehungswissenschaft<br \/>\nDozent und Fachkoordinator ERG und Philosophie am Institut Sekundarstufe I &amp; II der PH FHNW<br \/>\nLeiter des Forschungsprojekts \u00ab\u00a0Teacher Agency in Digital Literacy &amp; Ethics Education\u00a0\u00bb<\/p>\n<p><a href=\"http:\/\/www.fhnw.ch\/de\/personen\/robin-schmidt\"><span data-olk-copy-source=\"MessageBody\">www.fhnw.ch\/de\/personen\/robin-schmidt<\/span><\/a><\/p>\n<p><img loading=\"lazy\" decoding=\"async\" class=\"alignnone size-medium wp-image-9951\" src=\"https:\/\/sgl-online.ch\/wp-content\/uploads\/2021\/05\/Guillaume-225x300.jpg\" alt=\"\" width=\"225\" height=\"300\" srcset=\"https:\/\/sgl-online.ch\/wp-content\/uploads\/2021\/05\/Guillaume-200x267.jpg 200w, https:\/\/sgl-online.ch\/wp-content\/uploads\/2021\/05\/Guillaume-225x300.jpg 225w, https:\/\/sgl-online.ch\/wp-content\/uploads\/2021\/05\/Guillaume-400x533.jpg 400w, https:\/\/sgl-online.ch\/wp-content\/uploads\/2021\/05\/Guillaume-600x800.jpg 600w, https:\/\/sgl-online.ch\/wp-content\/uploads\/2021\/05\/Guillaume-768x1024.jpg 768w, https:\/\/sgl-online.ch\/wp-content\/uploads\/2021\/05\/Guillaume-800x1067.jpg 800w, https:\/\/sgl-online.ch\/wp-content\/uploads\/2021\/05\/Guillaume-1152x1536.jpg 1152w, https:\/\/sgl-online.ch\/wp-content\/uploads\/2021\/05\/Guillaume-1200x1600.jpg 1200w, https:\/\/sgl-online.ch\/wp-content\/uploads\/2021\/05\/Guillaume-scaled.jpg 1440w, https:\/\/sgl-online.ch\/wp-content\/uploads\/2021\/05\/Guillaume-1536x2048.jpg 1536w\" sizes=\"auto, (max-width: 225px) 100vw, 225px\" \/><\/p>\n<h4 class=\"mb-xxs-2\">Dr. Guillaume Chatagny<\/h4>\n<div class=\"text\">\n<p>MA en science des religions, sociologie et litt\u00e9rature g\u00e9n\u00e9rale &amp; compar\u00e9e<br \/>\nDoctorat en sociologie<br \/>\nEnseignant-chercheur en didactique de l\u2019\u00e9thique et des cultures religieuses (ECR), Facult\u00e9 des sciences de l\u2019\u00e9ducation et de la formation, Universit\u00e9 de Fribourg<\/p>\n<p><a href=\"https:\/\/www.unifr.ch\/szig\/de\/zentrum\/team\/guillaume-chatagny.html\">https:\/\/www.unifr.ch\/szig\/de\/zentrum\/team\/guillaume-chatagny.html<\/a><\/p>\n<\/div>\n<\/div>\n<p><img loading=\"lazy\" decoding=\"async\" class=\"alignnone size-medium wp-image-6723\" src=\"https:\/\/sgl-online.ch\/wp-content\/uploads\/2021\/05\/02-Mercolli_Laura-Web-200x300.jpg\" alt=\"\" width=\"200\" height=\"300\" srcset=\"https:\/\/sgl-online.ch\/wp-content\/uploads\/2021\/05\/02-Mercolli_Laura-Web-200x300.jpg 200w, https:\/\/sgl-online.ch\/wp-content\/uploads\/2021\/05\/02-Mercolli_Laura-Web.jpg 212w\" sizes=\"auto, (max-width: 200px) 100vw, 200px\" \/><\/p>\n<h4 class=\"mb-xxs-2\">Dr. Laura Mercolli<\/h4>\n<div class=\"text\">\n<p>Gymnasiallehrerin und promovierte Philosophin<br \/>\nDozentin ERG am Institut Sekundarstufe I der PHBern<\/p>\n<p><a href=\"https:\/\/www.phbern.ch\/ueber-die-phbern\/personen\/laura-mercolli\">https:\/\/www.phbern.ch\/ueber-die-phbern\/personen\/laura-mercolli<\/a><\/p>\n<p><img loading=\"lazy\" decoding=\"async\" class=\"alignnone size-medium wp-image-6731\" src=\"https:\/\/sgl-online.ch\/wp-content\/uploads\/2021\/05\/Pruschy-200x300.jpg\" alt=\"\" width=\"200\" height=\"300\" srcset=\"https:\/\/sgl-online.ch\/wp-content\/uploads\/2021\/05\/Pruschy-200x300.jpg 200w, https:\/\/sgl-online.ch\/wp-content\/uploads\/2021\/05\/Pruschy-400x600.jpg 400w, https:\/\/sgl-online.ch\/wp-content\/uploads\/2021\/05\/Pruschy-600x900.jpg 600w, https:\/\/sgl-online.ch\/wp-content\/uploads\/2021\/05\/Pruschy-683x1024.jpg 683w, https:\/\/sgl-online.ch\/wp-content\/uploads\/2021\/05\/Pruschy-scaled.jpg 720w, https:\/\/sgl-online.ch\/wp-content\/uploads\/2021\/05\/Pruschy-768x1152.jpg 768w, https:\/\/sgl-online.ch\/wp-content\/uploads\/2021\/05\/Pruschy-800x1200.jpg 800w, https:\/\/sgl-online.ch\/wp-content\/uploads\/2021\/05\/Pruschy-1200x1800.jpg 1200w\" sizes=\"auto, (max-width: 200px) 100vw, 200px\" \/><\/p>\n<h4 class=\"mb-xxs-2\">Eva Pruschy<\/h4>\n<p>J\u00fcdische Studien MA; Geschichte, Anglistik Lizentiat<br \/>\nLehramt Sek II<br \/>\nseit 2013 Dozentin f\u00fcr die Didaktik der Religionskunde und Ethik an der P\u00e4dagogischen Hochschule Z\u00fcrich, Schwerpunkt Primarstufe<br \/>\n<a href=\"https:\/\/phzh.ch\/personen\/eva.pruschy\">Eva Pruschy (EPR) &#8211; PH Z\u00fcrich (phzh.ch)<\/a><\/p>\n<div class=\"text\">\n<div class=\"text\">\n<div class=\"text\">\n<p><img loading=\"lazy\" decoding=\"async\" class=\"alignnone size-medium wp-image-6761\" src=\"https:\/\/sgl-online.ch\/wp-content\/uploads\/2021\/05\/Hubert_Schnueriger-401-300x200.jpg\" alt=\"\" width=\"300\" height=\"200\" srcset=\"https:\/\/sgl-online.ch\/wp-content\/uploads\/2021\/05\/Hubert_Schnueriger-401-200x133.jpg 200w, https:\/\/sgl-online.ch\/wp-content\/uploads\/2021\/05\/Hubert_Schnueriger-401-300x200.jpg 300w, https:\/\/sgl-online.ch\/wp-content\/uploads\/2021\/05\/Hubert_Schnueriger-401-400x266.jpg 400w, https:\/\/sgl-online.ch\/wp-content\/uploads\/2021\/05\/Hubert_Schnueriger-401-600x399.jpg 600w, https:\/\/sgl-online.ch\/wp-content\/uploads\/2021\/05\/Hubert_Schnueriger-401-768x511.jpg 768w, https:\/\/sgl-online.ch\/wp-content\/uploads\/2021\/05\/Hubert_Schnueriger-401-800x532.jpg 800w, https:\/\/sgl-online.ch\/wp-content\/uploads\/2021\/05\/Hubert_Schnueriger-401-1024x682.jpg 1024w, https:\/\/sgl-online.ch\/wp-content\/uploads\/2021\/05\/Hubert_Schnueriger-401-1200x799.jpg 1200w, https:\/\/sgl-online.ch\/wp-content\/uploads\/2021\/05\/Hubert_Schnueriger-401-1536x1022.jpg 1536w, https:\/\/sgl-online.ch\/wp-content\/uploads\/2021\/05\/Hubert_Schnueriger-401-scaled.jpg 1623w\" sizes=\"auto, (max-width: 300px) 100vw, 300px\" \/><\/p>\n<h4 class=\"mb-xxs-2\">Hubert Schn\u00fcringer<\/h4>\n<p>Studium in Philosophie, Geschichte und Vergleichender Religionswissenschaft<br \/>\nPromotion in Philosophie<br \/>\nWissenschaftlicher Mitarbeiter an der Professur \u2018Bildungstheorien und interdisziplin\u00e4rer Unterricht\u2019 am Institut Kindergarten-\/Unterstufe der PH FHNW<br \/>\nMitarbeit Fachstelle \u2018Philosophieren mit Kindern\u2019<\/p>\n<p><a href=\"https:\/\/www.fhnw.ch\/de\/personen\/hubert-schnueriger\">https:\/\/www.fhnw.ch\/de\/personen\/hubert-schnueriger<\/a><\/p>\n<p><img loading=\"lazy\" decoding=\"async\" class=\"alignnone size-medium wp-image-6754\" src=\"https:\/\/sgl-online.ch\/wp-content\/uploads\/2021\/05\/Wmo-300x200.jpg\" alt=\"\" width=\"300\" height=\"200\" srcset=\"https:\/\/sgl-online.ch\/wp-content\/uploads\/2021\/05\/Wmo-200x133.jpg 200w, https:\/\/sgl-online.ch\/wp-content\/uploads\/2021\/05\/Wmo-300x200.jpg 300w, https:\/\/sgl-online.ch\/wp-content\/uploads\/2021\/05\/Wmo-400x267.jpg 400w, https:\/\/sgl-online.ch\/wp-content\/uploads\/2021\/05\/Wmo-600x400.jpg 600w, https:\/\/sgl-online.ch\/wp-content\/uploads\/2021\/05\/Wmo-768x512.jpg 768w, https:\/\/sgl-online.ch\/wp-content\/uploads\/2021\/05\/Wmo-800x533.jpg 800w, https:\/\/sgl-online.ch\/wp-content\/uploads\/2021\/05\/Wmo-1024x683.jpg 1024w, https:\/\/sgl-online.ch\/wp-content\/uploads\/2021\/05\/Wmo-1200x800.jpg 1200w, https:\/\/sgl-online.ch\/wp-content\/uploads\/2021\/05\/Wmo-1536x1024.jpg 1536w, https:\/\/sgl-online.ch\/wp-content\/uploads\/2021\/05\/Wmo-scaled.jpg 1620w\" sizes=\"auto, (max-width: 300px) 100vw, 300px\" \/><\/p>\n<h4 class=\"mb-xxs-2\">Monika Winter<\/h4>\n<div class=\"text\">\n<p>Handarbeits- und Hauswirtschaftslehrerin und<br \/>\nLic. sc. rel. in Theologie und Religionswissenschaften<br \/>\nLehramt fu\u0308r Sekundarstufe II<br \/>\nDozentin Fachwissenschaft und Fachdidaktik ERG an der PH St. Gallen<br \/>\nLeiterin \u00abKompetenzzentrum Interreligi\u00f6ses Lernen in der Aus- und Weiterbildung von Lehrpersonen (KIAL)\u00bb<\/p>\n<p><a href=\"https:\/\/www.phsg.ch\/de\/team\/prof-monika-winter\">https:\/\/www.phsg.ch\/de\/team\/prof-monika-winter<\/a><\/p>\n<\/div>\n<\/div>\n<\/div>\n<\/div>\n<\/div>\n<\/div><div class=\"nav fusion-mobile-tab-nav\"><ul class=\"nav-tabs\" role=\"tablist\"><li role=\"presentation\"><a class=\"tab-link\" data-toggle=\"tab\" role=\"tab\" aria-controls=\"tab-84551cd407ab928a3ca\" aria-selected=\"false\" tabindex=\"-1\" id=\"mobile-fusion-tab-agenda\" href=\"#tab-84551cd407ab928a3ca\"><h4 class=\"fusion-tab-heading\">Agenda<\/h4><\/a><\/li><\/ul><\/div><div class=\"tab-pane fade fusion-clearfix\" role=\"tabpanel\" tabindex=\"0\" aria-labelledby=\"fusion-tab-agenda\" id=\"tab-84551cd407ab928a3ca\">\n<h5><strong>Assembl\u00e9e annuelle 2025<\/strong><\/h5>\n<p>La conf\u00e9rence annuelle du forum didactique a eu lieu le 25 juin 2025 \u00e0 la Haute \u00e9cole p\u00e9dagogique de Lucerne.<\/p>\n<h5><strong>Assembl\u00e9e annuelle 2024<\/strong><\/h5>\n<p>La conf\u00e9rence annuelle du forum didactique a eu lieu le 9 f\u00e9vrier 2024 au Campus FHNW de Muttenz.<\/p>\n<h5><strong>Assembl\u00e9e annuelle 2023<\/strong><\/h5>\n<p>La conf\u00e9rence annuelle du forum didactique a eu lieu le 7 septembre 2023 \u00e0 la Haute \u00e9cole p\u00e9dagogique de Fribourg.<\/p>\n<h5><strong>Assembl\u00e9e annuelle 2022<\/strong><\/h5>\n<p>La conf\u00e9rence annuelle du forum didactique a eu lieu le 6 septembre 2022 \u00e0 la Haute \u00e9cole p\u00e9dagogique de Saint-Gall.<\/p>\n<\/div><div class=\"nav fusion-mobile-tab-nav\"><ul class=\"nav-tabs\" role=\"tablist\"><li role=\"presentation\"><a class=\"tab-link\" data-toggle=\"tab\" role=\"tab\" aria-controls=\"tab-2cb443304e8f0f7ad86\" aria-selected=\"false\" tabindex=\"-1\" id=\"mobile-fusion-tab-r\u00e9seaud&#039;institutions\" href=\"#tab-2cb443304e8f0f7ad86\"><h4 class=\"fusion-tab-heading\">R\u00e9seau d'institutions<\/h4><\/a><\/li><\/ul><\/div><div class=\"tab-pane fade fusion-clearfix\" role=\"tabpanel\" tabindex=\"0\" aria-labelledby=\"fusion-tab-r\u00e9seaud&#039;institutions\" id=\"tab-2cb443304e8f0f7ad86\">\n<p>EASR working group \u00ab\u00a0religion in public education\u00a0\u00bb<br \/>\n<a href=\"http:\/\/easr.info\/easr-working-groups\/public-education\/\">http:\/\/easr.info\/easr-working-groups\/public-education\/<\/a><\/p>\n<p>Fachberatung ERG f\u00fcr Lehrpersonen der PH Luzern<br \/>\n<a href=\"https:\/\/www.phlu.ch\/beratungen-angebote\/lehrpersonen\/beratung-und-coaching\/fachberatungen\/fachberatung-er.html\" target=\"_blank\" rel=\"noopener\">https:\/\/www.phlu.ch\/beratungen-angebote\/lehrpersonen\/beratung-und-coaching\/fachberatungen\/fachberatung-er.html<\/a><\/p>\n<p>Revue \u00c9thique en \u00e9ducation et en formation<br \/>\n<a href=\"https:\/\/gree.uqam.ca\/les-dossiers-du-gree.html\" target=\"_blank\" rel=\"noopener\">https:\/\/gree.uqam.ca\/les-dossiers-du-gree.html<\/a><\/p>\n<p>Vereinigung f\u00fcr Religionswissenschaft, Arbeitskreis Religion und Schule<br \/>\n<a href=\"https:\/\/www.dvrw.uni-hannover.de\/de\/arbeitskreise\/ak-religionswissenschaft-und-schule-ak-relschu\/\" target=\"_blank\" rel=\"noopener\">https:\/\/www.dvrw.uni-hannover.de\/de\/arbeitskreise\/ak-religionswissenschaft-und-schule-ak-relschu\/<\/a><\/p>\n<p>Zeitschrift f\u00fcr Religionskunde | Revue de didactique des sciences des religions<br \/>\n<a href=\"https:\/\/www.zfrk-rdsr.ch\/index\" target=\"_blank\" rel=\"noopener\">http:\/\/religionskunde.ch\/<\/a><\/p>\n<p>Online-Plattform f\u00fcr Unterrichtende des Fachbereichs Ethik, Religionen, Gemeinschaft (ERG)<br \/>\n<a href=\"http:\/\/www.erg.ch\">www.erg.ch<\/a><\/p>\n<\/div><div class=\"nav fusion-mobile-tab-nav\"><ul class=\"nav-tabs\" role=\"tablist\"><li role=\"presentation\"><a class=\"tab-link\" data-toggle=\"tab\" role=\"tab\" aria-controls=\"tab-0986013d897c6f8a996\" aria-selected=\"false\" tabindex=\"-1\" id=\"mobile-fusion-tab-publications\" href=\"#tab-0986013d897c6f8a996\"><h4 class=\"fusion-tab-heading\">Publications<\/h4><\/a><\/li><\/ul><\/div><div class=\"tab-pane fade fusion-clearfix\" role=\"tabpanel\" tabindex=\"0\" aria-labelledby=\"fusion-tab-publications\" id=\"tab-0986013d897c6f8a996\">\n<h3>Fachdidaktische Zug\u00e4nge Ethik, Religionen, Gemeinschaft mit Bildung f\u00fcr Nachhaltige Entwicklung<\/h3>\n<p><img loading=\"lazy\" decoding=\"async\" class=\"alignnone size-full wp-image-8656\" src=\"https:\/\/sgl-online.ch\/wp-content\/uploads\/2021\/05\/Fachdidaktik-1.png\" alt=\"\" width=\"231\" height=\"272\" srcset=\"https:\/\/sgl-online.ch\/wp-content\/uploads\/2021\/05\/Fachdidaktik-1-66x78.png 66w, https:\/\/sgl-online.ch\/wp-content\/uploads\/2021\/05\/Fachdidaktik-1-177x208.png 177w, https:\/\/sgl-online.ch\/wp-content\/uploads\/2021\/05\/Fachdidaktik-1-200x235.png 200w, https:\/\/sgl-online.ch\/wp-content\/uploads\/2021\/05\/Fachdidaktik-1.png 231w\" sizes=\"auto, (max-width: 231px) 100vw, 231px\" \/><\/p>\n<p>Dieses Lehrmittel f\u00fcr die Aus- und Weiterbildung von Lehrpersonen \u00a0\u00a0\u00a0 stellt vielf\u00e4ltige Denk-, Arbeits- und Handlungsweisen der Fachbereiche ERG sowie BNE vor. Theoretische Erl\u00e4uterungen verbinden sich dabei mit erprobten Praxisbeispielen. Begr\u00fcndete Zug\u00e4nge und Methoden unterst\u00fctzen Lernende bei der Auseinandersetzung mit ethischen, religionsbezogenen und sozialen Inhalten und mit Herausforderungen der Nachhaltigkeit. Ein Grundlagenband f\u00fchrt dar\u00fcber hinaus in die Fachbereiche und in zentrale Aspekte der fachdidaktischen Diskussion ein.<\/p>\n<p>Die B\u00e4nde sollen in Aus- und Weiterbildung dazu anregen, Erfahrungen von Lehrpersonen mit theoretischen Grundlagen und einer weiten Community ins Gespr\u00e4ch zu bringen und Unterricht zu entwickeln.<\/p>\n<p><a href=\"https:\/\/www.hep-verlag.ch\/fachdidaktische-zugaenge\">Link zum Buch<\/a><\/p>\n<h3>Geschichtenbuch \u00ab\u00a0Erz\u00e4hl nochmal\u00a0\u00bb<\/h3>\n<p><img loading=\"lazy\" decoding=\"async\" class=\"alignnone size-medium wp-image-7614\" src=\"https:\/\/sgl-online.ch\/wp-content\/uploads\/2021\/05\/erzaehl_nochmal_-214x300.jpg\" alt=\"\" width=\"214\" height=\"300\" srcset=\"https:\/\/sgl-online.ch\/wp-content\/uploads\/2021\/05\/erzaehl_nochmal_-200x281.jpg 200w, https:\/\/sgl-online.ch\/wp-content\/uploads\/2021\/05\/erzaehl_nochmal_-214x300.jpg 214w, https:\/\/sgl-online.ch\/wp-content\/uploads\/2021\/05\/erzaehl_nochmal_-400x562.jpg 400w, https:\/\/sgl-online.ch\/wp-content\/uploads\/2021\/05\/erzaehl_nochmal_.jpg 600w\" sizes=\"auto, (max-width: 214px) 100vw, 214px\" \/><\/p>\n<p class=\"fusion-responsive-typography-calculated\" data-fontsize=\"36\" data-lineheight=\"46.8px\">In M\u00e4rchen und Mythen, in Geschichten aus Heiligen Schriften und verschiedenen Kulturen kommen ethische und existenzielle Fragen zur Sprache. Im Erz\u00e4hlen werden Probleme des Zusammenlebens er\u00f6rtert, die Grenzen zwischenFantasie und Wirklichkeit oder zwischen Himmel und Erde ausgelotet. Solche Erz\u00e4hlungen k\u00f6nnen die Vorstellungskraft f\u00fcr das Gute, f\u00fcr das Sch\u00f6ne st\u00e4rken, aber auch f\u00fcr Konflikte und Widerspr\u00fcche sensibilisieren. In einer multikulturell gepr\u00e4gten und s\u00e4kularen Gesellschaft eignen sich Geschichten zur Vergewisserung \u00fcber gemeinsame Grundlagen. Das Geschichtenbuch bietet eine sorgf\u00e4ltige Auswahl von Vorlese- und Erz\u00e4hlgeschichten aus unterschiedlichen Zeiten, Religionen und Kulturen zu Themen wie: Vorzeiten, Festzeiten, Jahreszeiten und Zusammenleben in Familie und Gesellschaft und Werte, Normen und existenzielle Fragen, Erde und Himmel oder Gl\u00fcck und Pech, Freude und Trauer.<\/p>\n<p><a href=\"https:\/\/erzaehlnochmal.ch\/\">Link zur Webseite<\/a><\/p>\n<h3>Philosophieren und Ethik<\/h3>\n<p><img loading=\"lazy\" decoding=\"async\" class=\"alignnone size-medium wp-image-7611\" src=\"https:\/\/sgl-online.ch\/wp-content\/uploads\/2021\/05\/Philosophieren-und-Ethik-212x300.jpg\" alt=\"\" width=\"212\" height=\"300\" srcset=\"https:\/\/sgl-online.ch\/wp-content\/uploads\/2021\/05\/Philosophieren-und-Ethik-200x284.jpg 200w, https:\/\/sgl-online.ch\/wp-content\/uploads\/2021\/05\/Philosophieren-und-Ethik-212x300.jpg 212w, https:\/\/sgl-online.ch\/wp-content\/uploads\/2021\/05\/Philosophieren-und-Ethik-400x567.jpg 400w, https:\/\/sgl-online.ch\/wp-content\/uploads\/2021\/05\/Philosophieren-und-Ethik-600x851.jpg 600w, https:\/\/sgl-online.ch\/wp-content\/uploads\/2021\/05\/Philosophieren-und-Ethik-722x1024.jpg 722w, https:\/\/sgl-online.ch\/wp-content\/uploads\/2021\/05\/Philosophieren-und-Ethik.jpg 761w, https:\/\/sgl-online.ch\/wp-content\/uploads\/2021\/05\/Philosophieren-und-Ethik-768x1089.jpg 768w, https:\/\/sgl-online.ch\/wp-content\/uploads\/2021\/05\/Philosophieren-und-Ethik-800x1135.jpg 800w\" sizes=\"auto, (max-width: 212px) 100vw, 212px\" \/><\/p>\n<p>Wie kann das Philosophieren mit Kindern und Jugendlichen in der Schule sein Nischendasein verlassen? Welche Chancen bietet das Philosophieren f\u00fcr inklusives Lernen? Wie kann kritisches Denken und Argumentieren gef\u00f6rdert werden? Welche Chancen bieten sich f\u00fcr das Philosophieren mit Kindern und Jugendlichen im Hinblick auf Anforderungen und Herausforderungen angesichts des Klimawandels? Fragen wie diese werden in diesem Buch verhandelt. Dabei werden bildungstheoretische, methodische und empirische Ans\u00e4tze in den Blick genommen.<br \/>\nDer vorliegende Band ist Teil der Schriftenreihe \u201ePhilosophieren mit Kindern\u201c. Er versammelt Beitr\u00e4ge, die auf eine internationale Fachtagung zur\u00fcckgehen, bei der aktuelle Ans\u00e4tze und Perspektiven, sowie neue Forschungserkenntnisse zum Philosophieren mit Kindern und Jugendlichen vorgestellt und diskutiert wurden. Die hier zusammengestellten Texte sind sowohl f\u00fcr die wissenschaftliche Community, aber auch f\u00fcr Personen, die mit Kindern und Jugendlichen philosophieren, mit Gewinn zu lesen.<\/p>\n<p><a href=\"https:\/\/www.kopaed.de\/kopaedshop\/?pg=1_10&amp;pid=1405\">Link zum Buch<\/a><\/p>\n<h3>Studienbuch ERG<\/h3>\n<p><img loading=\"lazy\" decoding=\"async\" class=\"alignnone wp-image-2359 size-fusion-400\" src=\"https:\/\/sgl-online.ch\/wp-content\/uploads\/2021\/09\/studienbuch@2x-400x581.jpg\" alt=\"\" width=\"400\" height=\"581\" srcset=\"https:\/\/sgl-online.ch\/wp-content\/uploads\/2021\/09\/studienbuch@2x-200x290.jpg 200w, https:\/\/sgl-online.ch\/wp-content\/uploads\/2021\/09\/studienbuch@2x-207x300.jpg 207w, https:\/\/sgl-online.ch\/wp-content\/uploads\/2021\/09\/studienbuch@2x-400x581.jpg 400w, https:\/\/sgl-online.ch\/wp-content\/uploads\/2021\/09\/studienbuch@2x.jpg 480w\" sizes=\"auto, (max-width: 400px) 100vw, 400px\" \/><\/p>\n<p>Das Verst\u00e4ndnis vom sozialen, ethischen und religionskundlichen Lernen in der Schule hat sich in den letzten Jahrzehnten ver\u00e4ndert. Diese Entwicklungen kommen in den Deutschschweizer Kantonen in verschiedenen Konzepten f\u00fcr die Schulen, in der Lehrerinnen- und Lehrerbildung, in Lehrmitteln sowie im kantons\u00fcbergreifenden Projekt Lehrplan 21 unter der Bezeichnung &lsquo;Ethik, Religionen, Gemeinschaft&rsquo; zum Ausdruck. Notwendig wird nun die weitere fachdidaktische Kl\u00e4rung und theoretische Grundlegung. Fachleute von p\u00e4dagogischen Hochschulen und Universit\u00e4ten legen mit diesem Studienbuch eine Textsammlung f\u00fcr die Aus- und Weiterbildung von Lehrpersonen vor.<\/p>\n<p><a href=\"https:\/\/www.hep-verlag.ch\/ethik-religionen-gemeinschaft\" target=\"_blank\" rel=\"noopener\">Link zum Buch<\/a><\/p>\n<\/div><div class=\"nav fusion-mobile-tab-nav\"><ul class=\"nav-tabs\" role=\"tablist\"><li role=\"presentation\"><a class=\"tab-link\" data-toggle=\"tab\" role=\"tab\" aria-controls=\"tab-3443ae5cb2343c2dc23\" aria-selected=\"false\" tabindex=\"-1\" id=\"mobile-fusion-tab-impressum\" href=\"#tab-3443ae5cb2343c2dc23\"><h4 class=\"fusion-tab-heading\">Impressum<\/h4><\/a><\/li><\/ul><\/div><div class=\"tab-pane fade fusion-clearfix\" role=\"tabpanel\" tabindex=\"0\" aria-labelledby=\"fusion-tab-impressum\" id=\"tab-3443ae5cb2343c2dc23\">\n<h3>Datenschutzhinweis<\/h3>\n<p><strong>Gesch\u00e4ftsstelle<\/strong><br \/>\nPostfach<br \/>\n8027 Z\u00fcrich<\/p>\n<\/div><\/div><\/div><\/div><\/div><\/div><\/div><div class=\"fusion-fullwidth fullwidth-box fusion-builder-row-2 fusion-flex-container fusion-parallax-none nonhundred-percent-fullwidth non-hundred-percent-height-scrolling workgroup-icons\" style=\"--awb-border-radius-top-left:0px;--awb-border-radius-top-right:0px;--awb-border-radius-bottom-right:0px;--awb-border-radius-bottom-left:0px;--awb-padding-top:120px;--awb-padding-bottom:120px;--awb-background-color:#f9f9f9;--awb-background-image:linear-gradient(148deg, #f9f9f9 14%,rgba(249,249,249,0.75) 100%),url(https:\/\/sgl-online.ch\/wp-content\/uploads\/2021\/05\/istockphoto-1307593148-2048x2048-1.jpg);;--awb-background-size:cover;--awb-flex-wrap:wrap;\" ><div class=\"fusion-builder-row fusion-row fusion-flex-align-items-flex-start fusion-flex-content-wrap\" style=\"max-width:1248px;margin-left: calc(-4% \/ 2 );margin-right: calc(-4% \/ 2 );\"><div class=\"fusion-layout-column fusion_builder_column fusion-builder-column-1 fusion_builder_column_1_1 1_1 fusion-flex-column\" style=\"--awb-bg-size:cover;--awb-width-large:100%;--awb-margin-top-large:0px;--awb-spacing-right-large:1.92%;--awb-margin-bottom-large:20px;--awb-spacing-left-large:1.92%;--awb-width-medium:100%;--awb-spacing-right-medium:1.92%;--awb-spacing-left-medium:1.92%;--awb-width-small:100%;--awb-spacing-right-small:1.92%;--awb-spacing-left-small:1.92%;\"><div class=\"fusion-column-wrapper fusion-column-has-shadow fusion-flex-justify-content-flex-start fusion-content-layout-column\"><div class=\"fusion-title title fusion-title-1 fusion-sep-none fusion-title-rotating fusion-animate-once fusion-title-typeIn fusion-title-size-two\" style=\"--awb-margin-top:0px;--awb-margin-bottom:0px;\"><h2 class=\"fusion-title-heading title-heading-left\" style=\"font-family:&quot;Roboto&quot;;font-style:normal;font-weight:500;margin:0;\"><span class=\"fusion-animated-text-prefix\"><\/span> <span class=\"fusion-animated-texts-wrapper\" style=\"text-align: center;\" data-length=\"char\"><span class=\"fusion-animated-texts\"><span data-in-effect=\"typeIn\" class=\"fusion-animated-text\" data-in-sequence=\"true\" data-out-reverse=\"true\" data-out-effect=\"typeOut\">GROUPES DE TRAVAIL<\/span><\/span><\/span> <span class=\"fusion-animated-text-postfix\"><\/span><\/h2><\/div><\/div><\/div><div class=\"fusion-layout-column fusion_builder_column fusion-builder-column-2 fusion_builder_column_1_3 1_3 fusion-flex-column\" style=\"--awb-bg-size:cover;--awb-width-large:33.333333333333%;--awb-margin-top-large:0px;--awb-spacing-right-large:5.76%;--awb-margin-bottom-large:20px;--awb-spacing-left-large:5.76%;--awb-width-medium:100%;--awb-order-medium:0;--awb-spacing-right-medium:1.92%;--awb-spacing-left-medium:1.92%;--awb-width-small:100%;--awb-order-small:0;--awb-spacing-right-small:1.92%;--awb-spacing-left-small:1.92%;\"><div class=\"fusion-column-wrapper fusion-column-has-shadow fusion-flex-justify-content-flex-start fusion-content-layout-column\"><ul style=\"--awb-iconcolor:#111a58;--awb-line-height:27.2px;--awb-icon-width:27.2px;--awb-icon-height:27.2px;--awb-icon-margin:11.2px;--awb-content-margin:38.4px;\" class=\"fusion-checklist fusion-checklist-1 fusion-checklist-default type-icons\"><li class=\"fusion-li-item\" style=\"\"><span class=\"icon-wrapper circle-no\"><i class=\"fusion-li-icon icon-cstbook1\" aria-hidden=\"true\"><\/i><\/span><div class=\"fusion-li-item-content\"><a href=\"https:\/\/sgl-online.ch\/fr\/?post_type=avada_portfolio&amp;p=3698\">L\u2019attention \u00e0 l\u2019\u00e9cole et en formation<\/a><\/div><\/li><li class=\"fusion-li-item\" style=\"\"><span class=\"icon-wrapper circle-no\"><i class=\"fusion-li-icon icon-sglopen-book\" aria-hidden=\"true\"><\/i><\/span><div class=\"fusion-li-item-content\">\n<p><a href=\"https:\/\/sgl-online.ch\/fr\/portfolio-items\/allgemeine-padagogik\/\" rel=\"noopener\">P\u00e9dagogie g\u00e9n\u00e9rale<\/a><\/p>\n<\/div><\/li><li class=\"fusion-li-item\" style=\"\"><span class=\"icon-wrapper circle-no\"><i class=\"fusion-li-icon icon-cstpeople\" aria-hidden=\"true\"><\/i><\/span><div class=\"fusion-li-item-content\">\n<p><a href=\"https:\/\/sgl-online.ch\/fr\/portfolio-items\/berufseinfuehrung\/\">Introduction \u00e0 la profession<\/a><\/p>\n<\/div><\/li><li class=\"fusion-li-item\" style=\"\"><span class=\"icon-wrapper circle-no\"><i class=\"fusion-li-icon icon-sg2teaching\" aria-hidden=\"true\"><\/i><\/span><div class=\"fusion-li-item-content\">\n<p><a href=\"https:\/\/sgl-online.ch\/fr\/portfolio-items\/berufspraktische-studien\/\">Etudes professionnelles pratiques<\/a><\/p>\n<\/div><\/li><li class=\"fusion-li-item\" style=\"\"><span class=\"icon-wrapper circle-no\"><i class=\"fusion-li-icon icon-sglball-of-basketball\" aria-hidden=\"true\"><\/i><\/span><div class=\"fusion-li-item-content\">\n<p><a href=\"https:\/\/sgl-online.ch\/fr\/portfolio-items\/bewegung-und-sport\/\">Sport et mouvement<\/a><\/p>\n<\/div><\/li><li class=\"fusion-li-item\" style=\"\"><span class=\"icon-wrapper circle-no\"><i class=\"fusion-li-icon fa-globe-africa fas\" aria-hidden=\"true\"><\/i><\/span><div class=\"fusion-li-item-content\">\n<p><a href=\"https:\/\/sgl-online.ch\/fr\/portfolio-items\/groupe-de-travail-education-au-developpement-durable\/\">Groupe de travail \u00e9ducation au <\/a><br \/>\n<a href=\"https:\/\/sgl-online.ch\/fr\/portfolio-items\/groupe-de-travail-education-au-developpement-durable\/\">d\u00e9veloppement durable<\/a><\/p>\n<\/div><\/li><li class=\"fusion-li-item\" style=\"\"><span class=\"icon-wrapper circle-no\"><i class=\"fusion-li-icon fa-child fas\" aria-hidden=\"true\"><\/i><\/span><div class=\"fusion-li-item-content\">\n<p><a href=\"https:\/\/sgl-online.ch\/fr\/portfolio-items\/bildung-junger-kinder\/\">Enseignement des jeunes enfants<\/a><\/p>\n<\/div><\/li><li class=\"fusion-li-item\" style=\"\"><span class=\"icon-wrapper circle-no\"><i class=\"fusion-li-icon fa-pencil-ruler fas\" aria-hidden=\"true\"><\/i><\/span><div class=\"fusion-li-item-content\">\n<p><a href=\"https:\/\/sgl-online.ch\/fr\/portfolio-items\/design-und-technik\/\">Design et technique<\/a><\/p>\n<\/div><\/li><li class=\"fusion-li-item\" style=\"\"><span class=\"icon-wrapper circle-no\"><i class=\"fusion-li-icon fa-edit fas\" aria-hidden=\"true\"><\/i><\/span><div class=\"fusion-li-item-content\">\n<p><a href=\"https:\/\/sgl-online.ch\/fr\/portfolio-items\/deutschdidaktik\/\">Didactique de l\u2019allemand<\/a><\/p>\n<\/div><\/li><li class=\"fusion-li-item\" style=\"\"><span class=\"icon-wrapper circle-no\"><i class=\"fusion-li-icon icon-sgldiversity\" aria-hidden=\"true\"><\/i><\/span><div class=\"fusion-li-item-content\">\n<p><a href=\"https:\/\/sgl-online.ch\/fr\/portfolio-items\/diversitaet-und-inklusion\/\">Diversit\u00e9 et inclusion<\/a><\/p>\n<\/div><\/li><\/ul><\/div><\/div><div class=\"fusion-layout-column fusion_builder_column fusion-builder-column-3 fusion_builder_column_1_3 1_3 fusion-flex-column\" style=\"--awb-bg-size:cover;--awb-width-large:33.333333333333%;--awb-margin-top-large:0px;--awb-spacing-right-large:5.76%;--awb-margin-bottom-large:0px;--awb-spacing-left-large:5.76%;--awb-width-medium:100%;--awb-order-medium:0;--awb-spacing-right-medium:1.92%;--awb-spacing-left-medium:1.92%;--awb-width-small:100%;--awb-order-small:0;--awb-spacing-right-small:1.92%;--awb-spacing-left-small:1.92%;\"><div class=\"fusion-column-wrapper fusion-column-has-shadow fusion-flex-justify-content-flex-start fusion-content-layout-column\"><ul style=\"--awb-iconcolor:#111a58;--awb-line-height:27.2px;--awb-icon-width:27.2px;--awb-icon-height:27.2px;--awb-icon-margin:11.2px;--awb-content-margin:38.4px;\" class=\"fusion-checklist fusion-checklist-2 fusion-checklist-default type-icons\"><li class=\"fusion-li-item\" style=\"\"><span class=\"icon-wrapper circle-no\"><i class=\"fusion-li-icon icon-sglmultiple-users-silhouette\" aria-hidden=\"true\"><\/i><\/span><div class=\"fusion-li-item-content\">\n<p><a href=\"https:\/\/sgl-online.ch\/fr\/portfolio-items\/ethik-religionen-gemeinschaft-nmg\/\">Ethique, religion, culture<\/a><\/p>\n<\/div><\/li><li class=\"fusion-li-item\" style=\"\"><span class=\"icon-wrapper circle-no\"><i class=\"fusion-li-icon icon-cstevidenzorientierung\" aria-hidden=\"true\"><\/i><\/span><div class=\"fusion-li-item-content\">\n<p><a href=\"https:\/\/sgl-online.ch\/fr\/portfolio-items\/orientation-fondee-sur-des-preuves\/\">Orientation fond\u00e9e sur des preuves<\/a><\/p>\n<\/div><\/li><li class=\"fusion-li-item\" style=\"\"><span class=\"icon-wrapper circle-no\"><i class=\"fusion-li-icon icon-sglresearch\" aria-hidden=\"true\"><\/i><\/span><div class=\"fusion-li-item-content\">\n<p><a href=\"https:\/\/sgl-online.ch\/fr\/portfolio-items\/forschung-in-der-lehre\/\">Formation \u00e0 la recherche<\/a><\/p>\n<\/div><\/li><li class=\"fusion-li-item\" style=\"\"><span class=\"icon-wrapper circle-no\"><i class=\"fusion-li-icon icon-sg2languages\" aria-hidden=\"true\"><\/i><\/span><div class=\"fusion-li-item-content\"><a href=\"https:\/\/sgl-online.ch\/fr\/portfolio-items\/fremdsprachen\/\">Langues \u00e9trang\u00e8res et plurilinguisme <\/a><\/div><\/li><li class=\"fusion-li-item\" style=\"\"><span class=\"icon-wrapper circle-no\"><i class=\"fusion-li-icon fa-heart fas\" aria-hidden=\"true\"><\/i><\/span><div class=\"fusion-li-item-content\">\n<p><a href=\"https:\/\/sgl-online.ch\/fr\/portfolio-items\/gesundheitsfoerderung-und-praevention\/\">Promotion de la sant\u00e9 et pr\u00e9vention<\/a><\/p>\n<\/div><\/li><li class=\"fusion-li-item\" style=\"\"><span class=\"icon-wrapper circle-no\"><i class=\"fusion-li-icon icon-sglbubbles2\" aria-hidden=\"true\"><\/i><\/span><div class=\"fusion-li-item-content\">\n<p>Communications<\/p>\n<\/div><\/li><li class=\"fusion-li-item\" style=\"\"><span class=\"icon-wrapper circle-no\"><i class=\"fusion-li-icon icon-sglpaint-board-and-brush\" aria-hidden=\"true\"><\/i><\/span><div class=\"fusion-li-item-content\">\n<p><a href=\"https:\/\/sgl-online.ch\/fr\/portfolio-items\/kunst-und-bild\/\">Art visuels<\/a><\/p>\n<\/div><\/li><li class=\"fusion-li-item\" style=\"\"><span class=\"icon-wrapper circle-no\"><i class=\"fusion-li-icon fa-landmark fas\" aria-hidden=\"true\"><\/i><\/span><div class=\"fusion-li-item-content\">\n<p><a href=\"https:\/\/sgl-online.ch\/fr\/portfolio-items\/enseignants-titulaires-dun-diplome-etranger\/\"><span class=\"notion-enable-hover\" data-token-index=\"0\">Enseignants titulaires d\u2019un dipl\u00f4me \u00e9tranger<\/span><\/a><!-- notionvc: 3d2ea711-f436-4be5-b4d2-2ee71720f421 --><\/p>\n<\/div><\/li><li class=\"fusion-li-item\" style=\"\"><span class=\"icon-wrapper circle-no\"><i class=\"fusion-li-icon fa-calculator fas\" aria-hidden=\"true\"><\/i><\/span><div class=\"fusion-li-item-content\">\n<p>Math\u00e9matiques<\/p>\n<\/div><\/li><li class=\"fusion-li-item\" style=\"\"><span class=\"icon-wrapper circle-no\"><i class=\"fusion-li-icon icon-sglguitar\" aria-hidden=\"true\"><\/i><\/span><div class=\"fusion-li-item-content\">\n<p><a href=\"https:\/\/sgl-online.ch\/fr\/portfolio-items\/musikdidaktik\/\">P\u00e9dagogie musicale<\/a><\/p>\n<\/div><\/li><\/ul><\/div><\/div><div class=\"fusion-layout-column fusion_builder_column fusion-builder-column-4 fusion_builder_column_1_3 1_3 fusion-flex-column\" style=\"--awb-bg-size:cover;--awb-width-large:33.333333333333%;--awb-margin-top-large:0px;--awb-spacing-right-large:5.76%;--awb-margin-bottom-large:20px;--awb-spacing-left-large:5.76%;--awb-width-medium:100%;--awb-order-medium:0;--awb-spacing-right-medium:1.92%;--awb-spacing-left-medium:1.92%;--awb-width-small:100%;--awb-order-small:0;--awb-spacing-right-small:1.92%;--awb-spacing-left-small:1.92%;\"><div class=\"fusion-column-wrapper fusion-column-has-shadow fusion-flex-justify-content-flex-start fusion-content-layout-column\"><ul style=\"--awb-iconcolor:#111a58;--awb-line-height:27.2px;--awb-icon-width:27.2px;--awb-icon-height:27.2px;--awb-icon-margin:11.2px;--awb-content-margin:38.4px;\" class=\"fusion-checklist fusion-checklist-3 fusion-checklist-default type-icons\"><li class=\"fusion-li-item\" style=\"\"><span class=\"icon-wrapper circle-no\"><i class=\"fusion-li-icon icon-sglherbal-spa-treatment-leaves\" aria-hidden=\"true\"><\/i><\/span><div class=\"fusion-li-item-content\">\n<p><a href=\"https:\/\/sgl-online.ch\/fr\/portfolio-items\/natur-mensch-gesellschaft\/\">Natur, Homme, Soci\u00e9t\u00e9<\/a><\/p>\n<\/div><\/li><li class=\"fusion-li-item\" style=\"\"><span class=\"icon-wrapper circle-no\"><i class=\"fusion-li-icon fa-hands fas\" aria-hidden=\"true\"><\/i><\/span><div class=\"fusion-li-item-content\">\n<p><a href=\"https:\/\/sgl-online.ch\/fr\/portfolio-items\/religions\/\">Religions Sec II<\/a><\/p>\n<\/div><\/li><li class=\"fusion-li-item\" style=\"\"><span class=\"icon-wrapper circle-no\"><i class=\"fusion-li-icon icon-sglmusic-1\" aria-hidden=\"true\"><\/i><\/span><div class=\"fusion-li-item-content\">\n<p><a href=\"https:\/\/sgl-online.ch\/fr\/portfolio-items\/rhythmik-musik-bewegung-2\/\">Rythme\/musique &amp; mouvement<\/a><\/p>\n<\/div><\/li><li class=\"fusion-li-item\" style=\"\"><span class=\"icon-wrapper circle-no\"><i class=\"fusion-li-icon icon-cstheart-with-female-and-male-signs2\" aria-hidden=\"true\"><\/i><\/span><div class=\"fusion-li-item-content\">\n<p><a href=\"https:\/\/sgl-online.ch\/fr\/portfolio-items\/sexualpaedagogik\/\">Education sexuelle<\/a><\/p>\n<\/div><\/li><li class=\"fusion-li-item\" style=\"\"><span class=\"icon-wrapper circle-no\"><i class=\"fusion-li-icon icon-sglsocial-network\" aria-hidden=\"true\"><\/i><\/span><div class=\"fusion-li-item-content\">\n<p><a href=\"https:\/\/sgl-online.ch\/fr\/portfolio-items\/soziologie\/\">Sociologie<\/a><\/p>\n<\/div><\/li><li class=\"fusion-li-item\" style=\"\"><span class=\"icon-wrapper circle-no\"><i class=\"fusion-li-icon icon-sgltheater\" aria-hidden=\"true\"><\/i><\/span><div class=\"fusion-li-item-content\">\n<p><a href=\"https:\/\/sgl-online.ch\/fr\/portfolio-items\/theaterpaedagogik\/\">P\u00e9dagogie du th\u00e9\u00e2tre<\/a><\/p>\n<\/div><\/li><li class=\"fusion-li-item\" style=\"\"><span class=\"icon-wrapper circle-no\"><i class=\"fusion-li-icon icon-sglproject-management\" aria-hidden=\"true\"><\/i><\/span><div class=\"fusion-li-item-content\">\n<p><a href=\"https:\/\/sgl-online.ch\/fr\/portfolio-items\/formation-continue\/\">Formation continue<\/a><\/p>\n<\/div><\/li><li class=\"fusion-li-item\" style=\"\"><span class=\"icon-wrapper circle-no\"><i class=\"fusion-li-icon icon-sgleuro\" aria-hidden=\"true\"><\/i><\/span><div class=\"fusion-li-item-content\">\n<p><a href=\"https:\/\/sgl-online.ch\/fr\/portfolio-items\/wirtschaft-arbeit-haushalt\/\">Economie familiale<\/a><\/p>\n<\/div><\/li><\/ul><\/div><\/div><\/div><\/div>\n<div class=\"fusion-fullwidth fullwidth-box fusion-builder-row-3 fusion-flex-container nonhundred-percent-fullwidth non-hundred-percent-height-scrolling documents\" style=\"--link_hover_color: #ffffff;--link_color: #ffffff;--awb-border-radius-top-left:0px;--awb-border-radius-top-right:0px;--awb-border-radius-bottom-right:0px;--awb-border-radius-bottom-left:0px;--awb-padding-top:0px;--awb-padding-bottom:0px;--awb-margin-top:0px;--awb-background-color:#111a58;--awb-background-image:linear-gradient(148deg, #111a58 14%,#0a1035 100%);--awb-flex-wrap:wrap;\" ><div class=\"fusion-builder-row fusion-row fusion-flex-align-items-flex-start fusion-flex-content-wrap\" style=\"max-width:1248px;margin-left: calc(-4% \/ 2 );margin-right: calc(-4% \/ 2 );\"><div class=\"fusion-layout-column fusion_builder_column fusion-builder-column-5 fusion_builder_column_2_5 2_5 fusion-flex-column fusion-flex-align-self-stretch\" style=\"--awb-bg-size:cover;--awb-width-large:40%;--awb-margin-top-large:-150px;--awb-spacing-right-large:4.8%;--awb-margin-bottom-large:0px;--awb-spacing-left-large:4.8%;--awb-width-medium:100%;--awb-order-medium:2;--awb-margin-top-medium:0px;--awb-spacing-right-medium:1.92%;--awb-spacing-left-medium:1.92%;--awb-width-small:100%;--awb-order-small:2;--awb-spacing-right-small:1.92%;--awb-spacing-left-small:1.92%;\"><div class=\"fusion-column-wrapper fusion-column-has-shadow fusion-flex-justify-content-flex-end fusion-content-layout-column\"><div class=\"fusion-image-element \" style=\"--awb-caption-title-font-family:var(--h2_typography-font-family);--awb-caption-title-font-weight:var(--h2_typography-font-weight);--awb-caption-title-font-style:var(--h2_typography-font-style);--awb-caption-title-size:var(--h2_typography-font-size);--awb-caption-title-transform:var(--h2_typography-text-transform);--awb-caption-title-line-height:var(--h2_typography-line-height);--awb-caption-title-letter-spacing:var(--h2_typography-letter-spacing);\"><span class=\" fusion-imageframe imageframe-none imageframe-1 hover-type-none\"><img loading=\"lazy\" decoding=\"async\" width=\"1024\" height=\"959\" title=\"istockphoto-491831046-2048&#215;2048\" src=\"https:\/\/sgl-online.ch\/wp-content\/uploads\/2021\/09\/istockphoto-491831046-2048x2048-1-1024x959.png\" alt class=\"img-responsive wp-image-2595\" srcset=\"https:\/\/sgl-online.ch\/wp-content\/uploads\/2021\/09\/istockphoto-491831046-2048x2048-1-200x187.png 200w, https:\/\/sgl-online.ch\/wp-content\/uploads\/2021\/09\/istockphoto-491831046-2048x2048-1-400x374.png 400w, https:\/\/sgl-online.ch\/wp-content\/uploads\/2021\/09\/istockphoto-491831046-2048x2048-1-600x562.png 600w, https:\/\/sgl-online.ch\/wp-content\/uploads\/2021\/09\/istockphoto-491831046-2048x2048-1-800x749.png 800w, https:\/\/sgl-online.ch\/wp-content\/uploads\/2021\/09\/istockphoto-491831046-2048x2048-1.png 1154w, https:\/\/sgl-online.ch\/wp-content\/uploads\/2021\/09\/istockphoto-491831046-2048x2048-1-1200x1123.png 1200w\" sizes=\"auto, (max-width: 800px) 100vw, (max-width: 640px) 100vw, 600px\" \/><\/span><\/div><\/div><\/div><div class=\"fusion-layout-column fusion_builder_column fusion-builder-column-6 fusion_builder_column_3_5 3_5 fusion-flex-column\" style=\"--awb-bg-size:cover;--awb-width-large:60%;--awb-margin-top-large:70px;--awb-spacing-right-large:3.2%;--awb-margin-bottom-large:70px;--awb-spacing-left-large:3.2%;--awb-width-medium:100%;--awb-order-medium:0;--awb-spacing-right-medium:1.92%;--awb-spacing-left-medium:1.92%;--awb-width-small:100%;--awb-order-small:0;--awb-spacing-right-small:1.92%;--awb-spacing-left-small:1.92%;\"><div class=\"fusion-column-wrapper fusion-column-has-shadow fusion-flex-justify-content-flex-start fusion-content-layout-column\"><div class=\"fusion-title title fusion-title-2 fusion-sep-none fusion-title-center fusion-title-rotating fusion-animate-once fusion-title-typeIn fusion-title-size-two\" style=\"--awb-text-color:#ffffff;--awb-margin-top:0px;--awb-margin-bottom:0px;\"><h2 class=\"fusion-title-heading title-heading-center\" style=\"font-family:&quot;Roboto&quot;;font-style:normal;font-weight:500;margin:0;\"><span class=\"fusion-animated-text-prefix\"><\/span> <span class=\"fusion-animated-texts-wrapper\" style=\"color:#ffffff;text-align: center;\" data-length=\"char\"><span class=\"fusion-animated-texts\"><span data-in-effect=\"typeIn\" class=\"fusion-animated-text\" data-in-sequence=\"true\" data-out-reverse=\"true\" data-out-effect=\"typeOut\">CONTACT<\/span><\/span><\/span> <span class=\"fusion-animated-text-postfix\"><\/span><\/h2><\/div><div style=\"text-align:center;\"><a class=\"fusion-button button-flat fusion-button-default-size button-default fusion-button-default button-1 fusion-button-default-span fusion-button-default-type\" target=\"_self\" href=\"https:\/\/sgl-online.ch\/it\/ueber-uns\/\"><span class=\"fusion-button-text awb-button__text awb-button__text--default\">CONTACTEZ-NOUS<\/span><i class=\"fa-arrow-right fas awb-button__icon awb-button__icon--default button-icon-right\" aria-hidden=\"true\"><\/i><\/a><\/div><\/div><\/div><\/div><\/div>\n","protected":false},"excerpt":{"rendered":"","protected":false},"author":15,"featured_media":2601,"menu_order":0,"comment_status":"open","ping_status":"closed","template":"","format":"standard","meta":{"_acf_changed":false,"footnotes":""},"portfolio_category":[],"portfolio_skills":[],"portfolio_tags":[],"ppma_author":[163],"class_list":["post-3616","avada_portfolio","type-avada_portfolio","status-publish","format-standard","has-post-thumbnail","hentry"],"acf":[],"yoast_head":"<!-- This site is optimized with the Yoast SEO plugin v27.4 - https:\/\/yoast.com\/product\/yoast-seo-wordpress\/ -->\n<title>Ethique, Religions, Communaut\u00e9 - SGL<\/title>\n<meta name=\"robots\" content=\"index, follow, max-snippet:-1, max-image-preview:large, max-video-preview:-1\" \/>\n<link rel=\"canonical\" href=\"https:\/\/sgl-online.ch\/fr\/portfolio-items\/ethik-religionen-gemeinschaft-nmg\/\" \/>\n<meta property=\"og:locale\" content=\"fr_FR\" \/>\n<meta property=\"og:type\" content=\"article\" \/>\n<meta property=\"og:title\" content=\"Ethique, Religions, Communaut\u00e9 - SGL\" \/>\n<meta property=\"og:url\" content=\"https:\/\/sgl-online.ch\/fr\/portfolio-items\/ethik-religionen-gemeinschaft-nmg\/\" \/>\n<meta property=\"og:site_name\" content=\"SGL\" \/>\n<meta property=\"article:modified_time\" content=\"2025-08-07T08:23:01+00:00\" \/>\n<meta property=\"og:image\" content=\"https:\/\/sgl-online.ch\/wp-content\/uploads\/2021\/09\/SGL_ERG_Bild1.jpg\" \/>\n\t<meta property=\"og:image:width\" content=\"1620\" \/>\n\t<meta property=\"og:image:height\" content=\"1080\" \/>\n\t<meta property=\"og:image:type\" content=\"image\/jpeg\" \/>\n<meta name=\"twitter:card\" content=\"summary_large_image\" \/>\n<meta name=\"twitter:label1\" content=\"Dur\u00e9e de lecture estim\u00e9e\" \/>\n\t<meta name=\"twitter:data1\" content=\"9 minutes\" \/>\n<script type=\"application\/ld+json\" class=\"yoast-schema-graph\">{\"@context\":\"https:\\\/\\\/schema.org\",\"@graph\":[{\"@type\":\"WebPage\",\"@id\":\"https:\\\/\\\/sgl-online.ch\\\/fr\\\/portfolio-items\\\/ethik-religionen-gemeinschaft-nmg\\\/\",\"url\":\"https:\\\/\\\/sgl-online.ch\\\/fr\\\/portfolio-items\\\/ethik-religionen-gemeinschaft-nmg\\\/\",\"name\":\"Ethique, Religions, Communaut\u00e9 - SGL\",\"isPartOf\":{\"@id\":\"https:\\\/\\\/sgl-online.ch\\\/fr\\\/#website\"},\"primaryImageOfPage\":{\"@id\":\"https:\\\/\\\/sgl-online.ch\\\/fr\\\/portfolio-items\\\/ethik-religionen-gemeinschaft-nmg\\\/#primaryimage\"},\"image\":{\"@id\":\"https:\\\/\\\/sgl-online.ch\\\/fr\\\/portfolio-items\\\/ethik-religionen-gemeinschaft-nmg\\\/#primaryimage\"},\"thumbnailUrl\":\"https:\\\/\\\/sgl-online.ch\\\/wp-content\\\/uploads\\\/2021\\\/09\\\/SGL_ERG_Bild1.jpg\",\"datePublished\":\"2021-11-01T01:29:00+00:00\",\"dateModified\":\"2025-08-07T08:23:01+00:00\",\"breadcrumb\":{\"@id\":\"https:\\\/\\\/sgl-online.ch\\\/fr\\\/portfolio-items\\\/ethik-religionen-gemeinschaft-nmg\\\/#breadcrumb\"},\"inLanguage\":\"fr-FR\",\"potentialAction\":[{\"@type\":\"ReadAction\",\"target\":[\"https:\\\/\\\/sgl-online.ch\\\/fr\\\/portfolio-items\\\/ethik-religionen-gemeinschaft-nmg\\\/\"]}]},{\"@type\":\"ImageObject\",\"inLanguage\":\"fr-FR\",\"@id\":\"https:\\\/\\\/sgl-online.ch\\\/fr\\\/portfolio-items\\\/ethik-religionen-gemeinschaft-nmg\\\/#primaryimage\",\"url\":\"https:\\\/\\\/sgl-online.ch\\\/wp-content\\\/uploads\\\/2021\\\/09\\\/SGL_ERG_Bild1.jpg\",\"contentUrl\":\"https:\\\/\\\/sgl-online.ch\\\/wp-content\\\/uploads\\\/2021\\\/09\\\/SGL_ERG_Bild1.jpg\",\"width\":1620,\"height\":1080},{\"@type\":\"BreadcrumbList\",\"@id\":\"https:\\\/\\\/sgl-online.ch\\\/fr\\\/portfolio-items\\\/ethik-religionen-gemeinschaft-nmg\\\/#breadcrumb\",\"itemListElement\":[{\"@type\":\"ListItem\",\"position\":1,\"name\":\"Home\",\"item\":\"https:\\\/\\\/sgl-online.ch\\\/fr\\\/\"},{\"@type\":\"ListItem\",\"position\":2,\"name\":\"Portfolio\",\"item\":\"https:\\\/\\\/sgl-online.ch\\\/fr\\\/portfolio-items\\\/\"},{\"@type\":\"ListItem\",\"position\":3,\"name\":\"Ethique, Religions, Communaut\u00e9\"}]},{\"@type\":\"WebSite\",\"@id\":\"https:\\\/\\\/sgl-online.ch\\\/fr\\\/#website\",\"url\":\"https:\\\/\\\/sgl-online.ch\\\/fr\\\/\",\"name\":\"SGL\",\"description\":\"\",\"publisher\":{\"@id\":\"https:\\\/\\\/sgl-online.ch\\\/fr\\\/#organization\"},\"potentialAction\":[{\"@type\":\"SearchAction\",\"target\":{\"@type\":\"EntryPoint\",\"urlTemplate\":\"https:\\\/\\\/sgl-online.ch\\\/fr\\\/?s={search_term_string}\"},\"query-input\":{\"@type\":\"PropertyValueSpecification\",\"valueRequired\":true,\"valueName\":\"search_term_string\"}}],\"inLanguage\":\"fr-FR\"},{\"@type\":\"Organization\",\"@id\":\"https:\\\/\\\/sgl-online.ch\\\/fr\\\/#organization\",\"name\":\"SGL\",\"url\":\"https:\\\/\\\/sgl-online.ch\\\/fr\\\/\",\"logo\":{\"@type\":\"ImageObject\",\"inLanguage\":\"fr-FR\",\"@id\":\"https:\\\/\\\/sgl-online.ch\\\/fr\\\/#\\\/schema\\\/logo\\\/image\\\/\",\"url\":\"https:\\\/\\\/sgl-online.ch\\\/wp-content\\\/uploads\\\/2021\\\/05\\\/logo.png\",\"contentUrl\":\"https:\\\/\\\/sgl-online.ch\\\/wp-content\\\/uploads\\\/2021\\\/05\\\/logo.png\",\"width\":1366,\"height\":150,\"caption\":\"SGL\"},\"image\":{\"@id\":\"https:\\\/\\\/sgl-online.ch\\\/fr\\\/#\\\/schema\\\/logo\\\/image\\\/\"}}]}<\/script>\n<!-- \/ Yoast SEO plugin. -->","yoast_head_json":{"title":"Ethique, Religions, Communaut\u00e9 - SGL","robots":{"index":"index","follow":"follow","max-snippet":"max-snippet:-1","max-image-preview":"max-image-preview:large","max-video-preview":"max-video-preview:-1"},"canonical":"https:\/\/sgl-online.ch\/fr\/portfolio-items\/ethik-religionen-gemeinschaft-nmg\/","og_locale":"fr_FR","og_type":"article","og_title":"Ethique, Religions, Communaut\u00e9 - SGL","og_url":"https:\/\/sgl-online.ch\/fr\/portfolio-items\/ethik-religionen-gemeinschaft-nmg\/","og_site_name":"SGL","article_modified_time":"2025-08-07T08:23:01+00:00","og_image":[{"width":1620,"height":1080,"url":"https:\/\/sgl-online.ch\/wp-content\/uploads\/2021\/09\/SGL_ERG_Bild1.jpg","type":"image\/jpeg"}],"twitter_card":"summary_large_image","twitter_misc":{"Dur\u00e9e de lecture estim\u00e9e":"9 minutes"},"schema":{"@context":"https:\/\/schema.org","@graph":[{"@type":"WebPage","@id":"https:\/\/sgl-online.ch\/fr\/portfolio-items\/ethik-religionen-gemeinschaft-nmg\/","url":"https:\/\/sgl-online.ch\/fr\/portfolio-items\/ethik-religionen-gemeinschaft-nmg\/","name":"Ethique, Religions, Communaut\u00e9 - SGL","isPartOf":{"@id":"https:\/\/sgl-online.ch\/fr\/#website"},"primaryImageOfPage":{"@id":"https:\/\/sgl-online.ch\/fr\/portfolio-items\/ethik-religionen-gemeinschaft-nmg\/#primaryimage"},"image":{"@id":"https:\/\/sgl-online.ch\/fr\/portfolio-items\/ethik-religionen-gemeinschaft-nmg\/#primaryimage"},"thumbnailUrl":"https:\/\/sgl-online.ch\/wp-content\/uploads\/2021\/09\/SGL_ERG_Bild1.jpg","datePublished":"2021-11-01T01:29:00+00:00","dateModified":"2025-08-07T08:23:01+00:00","breadcrumb":{"@id":"https:\/\/sgl-online.ch\/fr\/portfolio-items\/ethik-religionen-gemeinschaft-nmg\/#breadcrumb"},"inLanguage":"fr-FR","potentialAction":[{"@type":"ReadAction","target":["https:\/\/sgl-online.ch\/fr\/portfolio-items\/ethik-religionen-gemeinschaft-nmg\/"]}]},{"@type":"ImageObject","inLanguage":"fr-FR","@id":"https:\/\/sgl-online.ch\/fr\/portfolio-items\/ethik-religionen-gemeinschaft-nmg\/#primaryimage","url":"https:\/\/sgl-online.ch\/wp-content\/uploads\/2021\/09\/SGL_ERG_Bild1.jpg","contentUrl":"https:\/\/sgl-online.ch\/wp-content\/uploads\/2021\/09\/SGL_ERG_Bild1.jpg","width":1620,"height":1080},{"@type":"BreadcrumbList","@id":"https:\/\/sgl-online.ch\/fr\/portfolio-items\/ethik-religionen-gemeinschaft-nmg\/#breadcrumb","itemListElement":[{"@type":"ListItem","position":1,"name":"Home","item":"https:\/\/sgl-online.ch\/fr\/"},{"@type":"ListItem","position":2,"name":"Portfolio","item":"https:\/\/sgl-online.ch\/fr\/portfolio-items\/"},{"@type":"ListItem","position":3,"name":"Ethique, Religions, Communaut\u00e9"}]},{"@type":"WebSite","@id":"https:\/\/sgl-online.ch\/fr\/#website","url":"https:\/\/sgl-online.ch\/fr\/","name":"SGL","description":"","publisher":{"@id":"https:\/\/sgl-online.ch\/fr\/#organization"},"potentialAction":[{"@type":"SearchAction","target":{"@type":"EntryPoint","urlTemplate":"https:\/\/sgl-online.ch\/fr\/?s={search_term_string}"},"query-input":{"@type":"PropertyValueSpecification","valueRequired":true,"valueName":"search_term_string"}}],"inLanguage":"fr-FR"},{"@type":"Organization","@id":"https:\/\/sgl-online.ch\/fr\/#organization","name":"SGL","url":"https:\/\/sgl-online.ch\/fr\/","logo":{"@type":"ImageObject","inLanguage":"fr-FR","@id":"https:\/\/sgl-online.ch\/fr\/#\/schema\/logo\/image\/","url":"https:\/\/sgl-online.ch\/wp-content\/uploads\/2021\/05\/logo.png","contentUrl":"https:\/\/sgl-online.ch\/wp-content\/uploads\/2021\/05\/logo.png","width":1366,"height":150,"caption":"SGL"},"image":{"@id":"https:\/\/sgl-online.ch\/fr\/#\/schema\/logo\/image\/"}}]}},"_links":{"self":[{"href":"https:\/\/sgl-online.ch\/fr\/wp-json\/wp\/v2\/avada_portfolio\/3616","targetHints":{"allow":["GET"]}}],"collection":[{"href":"https:\/\/sgl-online.ch\/fr\/wp-json\/wp\/v2\/avada_portfolio"}],"about":[{"href":"https:\/\/sgl-online.ch\/fr\/wp-json\/wp\/v2\/types\/avada_portfolio"}],"author":[{"embeddable":true,"href":"https:\/\/sgl-online.ch\/fr\/wp-json\/wp\/v2\/users\/15"}],"replies":[{"embeddable":true,"href":"https:\/\/sgl-online.ch\/fr\/wp-json\/wp\/v2\/comments?post=3616"}],"version-history":[{"count":8,"href":"https:\/\/sgl-online.ch\/fr\/wp-json\/wp\/v2\/avada_portfolio\/3616\/revisions"}],"predecessor-version":[{"id":9963,"href":"https:\/\/sgl-online.ch\/fr\/wp-json\/wp\/v2\/avada_portfolio\/3616\/revisions\/9963"}],"wp:featuredmedia":[{"embeddable":true,"href":"https:\/\/sgl-online.ch\/fr\/wp-json\/wp\/v2\/media\/2601"}],"wp:attachment":[{"href":"https:\/\/sgl-online.ch\/fr\/wp-json\/wp\/v2\/media?parent=3616"}],"wp:term":[{"taxonomy":"portfolio_category","embeddable":true,"href":"https:\/\/sgl-online.ch\/fr\/wp-json\/wp\/v2\/portfolio_category?post=3616"},{"taxonomy":"portfolio_skills","embeddable":true,"href":"https:\/\/sgl-online.ch\/fr\/wp-json\/wp\/v2\/portfolio_skills?post=3616"},{"taxonomy":"portfolio_tags","embeddable":true,"href":"https:\/\/sgl-online.ch\/fr\/wp-json\/wp\/v2\/portfolio_tags?post=3616"},{"taxonomy":"author","embeddable":true,"href":"https:\/\/sgl-online.ch\/fr\/wp-json\/wp\/v2\/ppma_author?post=3616"}],"curies":[{"name":"wp","href":"https:\/\/api.w.org\/{rel}","templated":true}]}}